{"id":184,"date":"2022-12-06T11:38:49","date_gmt":"2022-12-06T14:38:49","guid":{"rendered":"https:\/\/conssanpaolo.esteri.it\/italia-e-brasile\/diplomazia-culturale\/lingua-e-cultura-italiana\/"},"modified":"2026-03-03T09:57:13","modified_gmt":"2026-03-03T12:57:13","slug":"lingua-e-cultura-italiana","status":"publish","type":"page","link":"https:\/\/conssanpaolo.esteri.it\/pt\/italia-e-brasile\/diplomazia-culturale\/lingua-e-cultura-italiana\/","title":{"rendered":"L\u00edngua e Cultura italiana"},"content":{"rendered":"<p>A promo\u00e7\u00e3o do idioma italiano desempenha um papel priorit\u00e1rio na pol\u00edtica externa da It\u00e1lia. Mediadora da criatividade, a l\u00edngua italiana \u00e9 um ve\u00edculo para sua dissemina\u00e7\u00e3o em um mundo competitivo.<\/p>\n<p>O ensino da l\u00edngua italiana nos sistemas escolares est\u00e1 segundo os compromissos internacionais da It\u00e1lia em favor do plurilinguismo, do multilinguismo e da promo\u00e7\u00e3o da diversidade cultural e lingu\u00edstica, princ\u00edpios firmemente ancorados nos tratados da Uni\u00e3o Europeia e na Conven\u00e7\u00e3o Cultural Europeia do Conselho da Europa.<\/p>\n<p>A inclus\u00e3o do italiano nas escolas tamb\u00e9m tem um efeito positivo sobre a oferta de italiano nos estudos universit\u00e1rios, tamb\u00e9m gra\u00e7as \u00e0 cria\u00e7\u00e3o de um novo p\u00fablico para as universidades.<\/p>\n<ul>\n<li style=\"list-style-type: none;\">\n<ul>\n<li data-order=\"0\"><a class=\"list-item\" title=\"Corsi di lingua\" href=\"https:\/\/conssanpaolo.esteri.it\/it\/italia-e-brasile\/diplomazia-culturale\/lingua-e-cultura-italiana\/corsi-di-lingua\/\">Cursos de l\u00edngua<\/a><\/li>\n<li data-order=\"0\"><a class=\"list-item\" title=\"Proposte per Docenti di Italiano\" href=\"https:\/\/conssanpaolo.esteri.it\/it\/italia-e-brasile\/diplomazia-culturale\/lingua-e-cultura-italiana\/proposte-per-docenti-di-italiano\/\">Proposta para Docentes de Italiano<\/a><\/li>\n<li data-order=\"0\"><a class=\"list-item\" title=\"Istituzione dell'Albo Consolare degli Enti Promotori\" href=\"https:\/\/conssanpaolo.esteri.it\/it\/italia-e-brasile\/diplomazia-culturale\/lingua-e-cultura-italiana\/istituzione-dellalbo-consolare-degli-enti-promotori\/\">Institui\u00e7\u00e3o do Albo Consular dos Entes Promotores<\/a><\/li>\n<li><a href=\"https:\/\/conssanpaolo.esteri.it\/pt\/news\/dal_consolato\/2026\/03\/concessao-de-contribuicoes-do-maeci-as-universidades-para-a-criacao-e-o-funcionamento-de-catedras-de-italiano-prazo-23-de-marco-de-2026-capitulo-2619-2\/\">Concess\u00e3o de contribui\u00e7\u00f5es do MAECI \u00e0s Universidades para a cria\u00e7\u00e3o e o funcionamento de c\u00e1tedras de italiano \u2013 prazo 23 de mar\u00e7o de 2026 (cap\u00edtulo 2619\/2)<\/a><\/li>\n<li><a href=\"https:\/\/conssanpaolo.esteri.it\/pt\/news\/dal_consolato\/2026\/03\/contributi-a-universita-straniere-per-corsi-di-formazione-e-aggiornamento-destinati-a-docenti-di-lingua-italiana-operanti-nelle-universita-straniere-cap-2619-3-e-f-2026-scadenza-23-marzo-2026\/\">Contribui\u00e7\u00f5es a Universidades estrangeiras para cursos de forma\u00e7\u00e3o e atualiza\u00e7\u00e3o destinados a professores de l\u00edngua italiana que atuam em Universidades estrangeiras (cap. 2619\/3 e.f. 2026). Prazo: 23 de mar\u00e7o de 2026<\/a><\/li>\n<\/ul>\n<\/li>\n<\/ul>\n<p>&nbsp;<\/p>\n","protected":false},"excerpt":{"rendered":"A promo\u00e7\u00e3o do idioma italiano desempenha um papel priorit\u00e1rio na pol\u00edtica externa da It\u00e1lia. Mediadora da criatividade, a l\u00edngua italiana \u00e9 um ve\u00edculo para sua dissemina\u00e7\u00e3o em um mundo competitivo. O ensino da l\u00edngua italiana nos sistemas escolares est\u00e1 segundo os compromissos internacionais da It\u00e1lia em favor do plurilinguismo, do multilinguismo e da promo\u00e7\u00e3o da [&hellip;]","protected":false},"author":3,"featured_media":0,"parent":97,"menu_order":2,"comment_status":"closed","ping_status":"closed","template":"","meta":{"footnotes":""},"class_list":["post-184","page","type-page","status-publish","hentry"],"_links":{"self":[{"href":"https:\/\/conssanpaolo.esteri.it\/pt\/wp-json\/wp\/v2\/pages\/184","targetHints":{"allow":["GET"]}}],"collection":[{"href":"https:\/\/conssanpaolo.esteri.it\/pt\/wp-json\/wp\/v2\/pages"}],"about":[{"href":"https:\/\/conssanpaolo.esteri.it\/pt\/wp-json\/wp\/v2\/types\/page"}],"author":[{"embeddable":true,"href":"https:\/\/conssanpaolo.esteri.it\/pt\/wp-json\/wp\/v2\/users\/3"}],"replies":[{"embeddable":true,"href":"https:\/\/conssanpaolo.esteri.it\/pt\/wp-json\/wp\/v2\/comments?post=184"}],"version-history":[{"count":4,"href":"https:\/\/conssanpaolo.esteri.it\/pt\/wp-json\/wp\/v2\/pages\/184\/revisions"}],"predecessor-version":[{"id":10181,"href":"https:\/\/conssanpaolo.esteri.it\/pt\/wp-json\/wp\/v2\/pages\/184\/revisions\/10181"}],"up":[{"embeddable":true,"href":"https:\/\/conssanpaolo.esteri.it\/pt\/wp-json\/wp\/v2\/pages\/97"}],"wp:attachment":[{"href":"https:\/\/conssanpaolo.esteri.it\/pt\/wp-json\/wp\/v2\/media?parent=184"}],"curies":[{"name":"wp","href":"https:\/\/api.w.org\/{rel}","templated":true}]}}